{"id":11,"date":"2025-06-16T15:17:46","date_gmt":"2025-06-16T13:17:46","guid":{"rendered":"http:\/\/45.132.96.135\/?page_id=11"},"modified":"2026-04-23T08:38:48","modified_gmt":"2026-04-23T06:38:48","slug":"accueil","status":"publish","type":"page","link":"https:\/\/hameau-amitie-bellenaves.fr\/","title":{"rendered":"Accueil"},"content":{"rendered":"\n<div class=\"wp-block-cover alignfull wp-elements-fc61efb8d44ef50fd86e48f8c3661f2e\" style=\"min-height:132px;aspect-ratio:unset;\"><span aria-hidden=\"true\" class=\"wp-block-cover__background has-ast-global-color-6-background-color has-background-dim-100 has-background-dim\"><\/span><div class=\"wp-block-cover__inner-container is-layout-flow wp-block-cover-is-layout-flow\">\n<p><\/p>\n<\/div><\/div>\n\n\n\n<div class=\"wp-block-cover alignfull wp-elements-9c4188c388a3076326935118b4f78e1b\" style=\"min-height:592px;aspect-ratio:unset;\"><img loading=\"lazy\" decoding=\"async\" width=\"549\" height=\"309\" class=\"wp-block-cover__image-background wp-image-108 size-full\" alt=\"\" src=\"https:\/\/www.tuge2180.odns.fr\/wp-content\/uploads\/2025\/07\/Le-F1-bis-36m2-et-son-jardin-au-centre-1.webp\" data-object-fit=\"cover\" srcset=\"https:\/\/hameau-amitie-bellenaves.fr\/wp-content\/uploads\/2025\/07\/Le-F1-bis-36m2-et-son-jardin-au-centre-1.webp 549w, https:\/\/hameau-amitie-bellenaves.fr\/wp-content\/uploads\/2025\/07\/Le-F1-bis-36m2-et-son-jardin-au-centre-1-300x169.webp 300w\" sizes=\"auto, (max-width: 549px) 100vw, 549px\" \/><span aria-hidden=\"true\" class=\"wp-block-cover__background has-ast-global-color-6-background-color has-background-dim\"><\/span><div class=\"wp-block-cover__inner-container is-layout-flow wp-block-cover-is-layout-flow\">\n<div class=\"wp-block-group is-layout-constrained wp-block-group-is-layout-constrained\">\n<div class=\"inherit-container-width wp-block-group is-content-justification-right is-layout-constrained wp-container-core-group-is-layout-04d9e9c7 wp-block-group-is-layout-constrained\">\n<p><\/p>\n\n\n\n<h1 class=\"wp-block-heading has-text-align-center has-ast-global-color-5-color has-text-color has-link-color wp-elements-ba0af9c2e652a08b9519e7739f533d5b\"><strong>Le Hameau de l&rsquo;Amiti\u00e9<\/strong><\/h1>\n\n\n\n<p class=\"has-text-align-center has-ast-global-color-5-color has-text-color has-link-color has-medium-font-size wp-elements-64e24f17fe02f86595a158939bf6153b\"><strong>Un lieu de vie chaleureux o\u00f9 chaque r\u00e9sident se sent comme chez soi<\/strong><\/p>\n<\/div>\n<\/div>\n\n\n\n<div class=\"wp-block-buttons is-horizontal is-content-justification-center is-layout-flex wp-container-core-buttons-is-layout-bba8380a wp-block-buttons-is-layout-flex\" style=\"margin-top:50px\">\n<div class=\"wp-block-button\"><a class=\"wp-block-button__link wp-element-button\" href=\"\/index.php\/contact\/\">Nous contacter<\/a><\/div>\n\n\n\n<div class=\"wp-block-button\"><a class=\"wp-block-button__link wp-element-button\" href=\"\/index.php\/nos-services\/\">Nos services<\/a><\/div>\n<\/div>\n<\/div><\/div>\n\n\n\n<div class=\"wp-block-group is-layout-constrained wp-block-group-is-layout-constrained\">\n<h2 class=\"wp-block-heading has-text-align-center\">Activit\u00e9s r\u00e9centes<\/h2>\n\n\n\n<div class=\"wp-block-columns is-layout-flex wp-container-core-columns-is-layout-29aadeec wp-block-columns-is-layout-flex\" style=\"margin-top:60px\">\n<div class=\"wp-block-column is-layout-flow wp-container-core-column-is-layout-6b73ce23 wp-block-column-is-layout-flow\">\n<h3 class=\"wp-block-heading has-text-align-center\" style=\"margin-top:16px\">Une belle journ\u00e9e p\u00eache \u00e0 l\u2019\u00e9tang de Bellenaves<\/h3>\n\n\n\n<p>Les r\u00e9sidents ont profit\u00e9 d\u2019une magnifique journ\u00e9e en plein air lors d\u2019un pique-nique suivi d\u2019un apr\u00e8s-midi p\u00eache \u00e0 l\u2019\u00e9tang de Bellenaves. Apr\u00e8s un moment convivial autour d\u2019un repas au bord de l\u2019eau, le groupe s\u2019est install\u00e9 pr\u00e8s de la r\u00e9serve pour partager le plaisir de la p\u00eache.<\/p>\n\n\n\n<p>Accompagn\u00e9s par l\u2019AAPPMA de Chantelle, qui a mis du mat\u00e9riel \u00e0 disposition et apport\u00e9 son aide tout au long de l\u2019apr\u00e8s-midi, les r\u00e9sidents ont v\u00e9cu une exp\u00e9rience riche en \u00e9changes et en sourires. La p\u00eache a \u00e9t\u00e9 tr\u00e8s r\u00e9ussie, avec de nombreuses prises, pour le plus grand plaisir de tous.<\/p>\n\n\n\n<p>Un grand merci \u00e0 l\u2019AAPPMA de Chantelle pour ce beau moment de convivialit\u00e9 et de partage.<\/p>\n\n\n\n<figure class=\"wp-block-gallery has-nested-images columns-default is-cropped wp-block-gallery-1 is-layout-flex wp-block-gallery-is-layout-flex\">\n<figure class=\"wp-block-image size-full\"><img loading=\"lazy\" decoding=\"async\" width=\"1000\" height=\"563\" data-id=\"379\" src=\"https:\/\/hameau-amitie-bellenaves.fr\/wp-content\/uploads\/2026\/02\/20250910_1535301.jpg\" alt=\"\" class=\"wp-image-379\" srcset=\"https:\/\/hameau-amitie-bellenaves.fr\/wp-content\/uploads\/2026\/02\/20250910_1535301.jpg 1000w, https:\/\/hameau-amitie-bellenaves.fr\/wp-content\/uploads\/2026\/02\/20250910_1535301-300x169.jpg 300w, https:\/\/hameau-amitie-bellenaves.fr\/wp-content\/uploads\/2026\/02\/20250910_1535301-768x432.jpg 768w\" sizes=\"auto, (max-width: 1000px) 100vw, 1000px\" \/><\/figure>\n<\/figure>\n<\/div>\n\n\n\n<div class=\"wp-block-column is-layout-flow wp-container-core-column-is-layout-6b73ce23 wp-block-column-is-layout-flow\">\n<h3 class=\"wp-block-heading has-text-align-center\" style=\"margin-top:16px\"><strong>Le cirque Anthony \u00e9merveille petits et grands<\/strong><\/h3>\n\n\n\n<p class=\"has-text-align-center\">Comme chaque ann\u00e9e, le Cirque Anthony a enchant\u00e9 r\u00e9sidents et enfants. Clowns, acrobaties et num\u00e9ros avec des animaux ont suscit\u00e9 \u00e9merveillement et \u00e9clats de rire tout au long du spectacle.<\/p>\n\n\n\n<p>Cette ann\u00e9e, l\u2019\u00e9v\u00e9nement a \u00e9t\u00e9 enrichi par la pr\u00e9sence de la classe de maternelle de l\u2019\u00e9cole primaire de Bellenaves ainsi que des nounous du relais petite enfance. Ce moment de partage interg\u00e9n\u00e9rationnel a permis de vivre ensemble un temps festif et inoubliable pour c\u00e9l\u00e9brer la fin d\u2019ann\u00e9e.<\/p>\n\n\n\n<p class=\"has-text-align-center\">Cet \u00e9v\u00e9nement a \u00e9galement fait l\u2019objet d\u2019un article dans le journal <em>La Montagne<\/em>, t\u00e9moignant de la convivialit\u00e9 et de la richesse de ce moment partag\u00e9.<\/p>\n\n\n\n<p class=\"has-text-align-center\"><\/p>\n\n\n\n<p><\/p>\n\n\n\n<p><\/p>\n\n\n\n<p><\/p>\n\n\n\n<p><\/p>\n\n\n\n<figure class=\"wp-block-gallery has-nested-images columns-default is-cropped wp-block-gallery-2 is-layout-flex wp-block-gallery-is-layout-flex\">\n<figure class=\"wp-block-image size-full\"><img loading=\"lazy\" decoding=\"async\" width=\"584\" height=\"438\" data-id=\"382\" src=\"https:\/\/hameau-amitie-bellenaves.fr\/wp-content\/uploads\/2026\/02\/2000007563334.webp\" alt=\"\" class=\"wp-image-382\" srcset=\"https:\/\/hameau-amitie-bellenaves.fr\/wp-content\/uploads\/2026\/02\/2000007563334.webp 584w, https:\/\/hameau-amitie-bellenaves.fr\/wp-content\/uploads\/2026\/02\/2000007563334-300x225.webp 300w\" sizes=\"auto, (max-width: 584px) 100vw, 584px\" \/><\/figure>\n<\/figure>\n<\/div>\n<\/div>\n\n\n\n<h2 class=\"wp-block-heading has-text-align-center\">Activit\u00e9s \u00e0 venir<\/h2>\n\n\n\n<p><\/p>\n\n\n\n<figure class=\"wp-block-gallery has-nested-images columns-default is-cropped wp-block-gallery-3 is-layout-flex wp-block-gallery-is-layout-flex\">\n<figure class=\"wp-block-image size-full is-style-default\"><img loading=\"lazy\" decoding=\"async\" width=\"1338\" height=\"939\" data-id=\"395\" src=\"https:\/\/hameau-amitie-bellenaves.fr\/wp-content\/uploads\/2026\/04\/Capture-decran-2026-04-23-083819.png\" alt=\"\" class=\"wp-image-395\" srcset=\"https:\/\/hameau-amitie-bellenaves.fr\/wp-content\/uploads\/2026\/04\/Capture-decran-2026-04-23-083819.png 1338w, https:\/\/hameau-amitie-bellenaves.fr\/wp-content\/uploads\/2026\/04\/Capture-decran-2026-04-23-083819-300x211.png 300w, https:\/\/hameau-amitie-bellenaves.fr\/wp-content\/uploads\/2026\/04\/Capture-decran-2026-04-23-083819-1024x719.png 1024w, https:\/\/hameau-amitie-bellenaves.fr\/wp-content\/uploads\/2026\/04\/Capture-decran-2026-04-23-083819-768x539.png 768w\" sizes=\"auto, (max-width: 1338px) 100vw, 1338px\" \/><\/figure>\n<\/figure>\n<\/div>\n\n\n\n<h2 class=\"wp-block-heading has-text-align-center\">Nos services<\/h2>\n\n\n\n<div class=\"wp-block-columns is-layout-flex wp-container-core-columns-is-layout-60cbf9bb wp-block-columns-is-layout-flex\" style=\"margin-top:50px\">\n<div class=\"wp-block-column is-layout-flow wp-container-core-column-is-layout-6b73ce23 wp-block-column-is-layout-flow\" style=\"border-style:none;border-width:0px;border-radius:18px;box-shadow:var(--wp--preset--shadow--natural)\">\n<figure class=\"wp-block-gallery has-nested-images columns-default is-cropped wp-block-gallery-4 is-layout-flex wp-block-gallery-is-layout-flex\">\n<figure class=\"wp-block-image aligncenter size-full has-custom-border\"><img loading=\"lazy\" decoding=\"async\" width=\"549\" height=\"309\" data-id=\"149\" src=\"https:\/\/hameau-amitie-bellenaves.fr\/wp-content\/uploads\/2025\/07\/Le-F1-bis-36m2-et-son-jardin-au-centre-2.webp\" alt=\"\" class=\"wp-image-149\" style=\"border-radius:18px\" srcset=\"https:\/\/hameau-amitie-bellenaves.fr\/wp-content\/uploads\/2025\/07\/Le-F1-bis-36m2-et-son-jardin-au-centre-2.webp 549w, https:\/\/hameau-amitie-bellenaves.fr\/wp-content\/uploads\/2025\/07\/Le-F1-bis-36m2-et-son-jardin-au-centre-2-300x169.webp 300w\" sizes=\"auto, (max-width: 549px) 100vw, 549px\" \/><\/figure>\n<\/figure>\n\n\n\n<div class=\"wp-block-group is-layout-constrained wp-block-group-is-layout-constrained\">\n<h4 class=\"wp-block-heading has-ast-global-color-2-color has-text-color has-link-color wp-elements-cb023fc29dda0ced64fe09940111808f\" style=\"margin-top:16px\"><a href=\"https:\/\/hameau-amitie-bellenaves.fr\/index.php\/nos-services\/\" data-type=\"link\" data-id=\"https:\/\/hameau-amitie-bellenaves.fr\/index.php\/nos-services\/\">H\u00e9bergement<\/a><\/h4>\n<\/div>\n\n\n\n<p>Des logements confortables et adapt\u00e9s aux besoins des r\u00e9sidents<\/p>\n<\/div>\n\n\n\n<div class=\"wp-block-column is-layout-flow wp-container-core-column-is-layout-6b73ce23 wp-block-column-is-layout-flow\" style=\"border-radius:18px;box-shadow:var(--wp--preset--shadow--natural)\">\n<figure class=\"wp-block-image aligncenter size-full has-custom-border\"><img loading=\"lazy\" decoding=\"async\" width=\"1000\" height=\"563\" src=\"https:\/\/hameau-amitie-bellenaves.fr\/wp-content\/uploads\/2025\/07\/20250528_104801.jpg\" alt=\"\" class=\"wp-image-118\" style=\"border-radius:18px\" srcset=\"https:\/\/hameau-amitie-bellenaves.fr\/wp-content\/uploads\/2025\/07\/20250528_104801.jpg 1000w, https:\/\/hameau-amitie-bellenaves.fr\/wp-content\/uploads\/2025\/07\/20250528_104801-300x169.jpg 300w, https:\/\/hameau-amitie-bellenaves.fr\/wp-content\/uploads\/2025\/07\/20250528_104801-768x432.jpg 768w\" sizes=\"auto, (max-width: 1000px) 100vw, 1000px\" \/><\/figure>\n\n\n\n<h4 class=\"wp-block-heading has-ast-global-color-2-color has-text-color has-link-color wp-elements-59d2fcd5ec4bceb4095c274eb0eac0ee\" style=\"margin-top:16px\"><a href=\"https:\/\/hameau-amitie-bellenaves.fr\/index.php\/nos-services\/\" data-type=\"page\" data-id=\"71\">Restauration<\/a><\/h4>\n\n\n\n<p>Des repas pr\u00e9par\u00e9s par nos chefs.<\/p>\n<\/div>\n\n\n\n<div class=\"wp-block-column is-layout-flow wp-container-core-column-is-layout-6b73ce23 wp-block-column-is-layout-flow\" style=\"border-radius:18px;box-shadow:var(--wp--preset--shadow--natural)\">\n<figure class=\"wp-block-image size-full has-custom-border\"><img loading=\"lazy\" decoding=\"async\" width=\"887\" height=\"443\" src=\"https:\/\/hameau-amitie-bellenaves.fr\/wp-content\/uploads\/2025\/11\/20250910_1535301.jpg\" alt=\"\" class=\"wp-image-370\" style=\"border-radius:18px\" srcset=\"https:\/\/hameau-amitie-bellenaves.fr\/wp-content\/uploads\/2025\/11\/20250910_1535301.jpg 887w, https:\/\/hameau-amitie-bellenaves.fr\/wp-content\/uploads\/2025\/11\/20250910_1535301-300x150.jpg 300w, https:\/\/hameau-amitie-bellenaves.fr\/wp-content\/uploads\/2025\/11\/20250910_1535301-768x384.jpg 768w\" sizes=\"auto, (max-width: 887px) 100vw, 887px\" \/><\/figure>\n\n\n\n<h4 class=\"wp-block-heading has-ast-global-color-2-color has-text-color has-link-color wp-elements-47f2f4b60d75d4d2c2bf6f77cb375830\" style=\"margin-top:16px\"><a href=\"https:\/\/hameau-amitie-bellenaves.fr\/index.php\/nos-services\/\" data-type=\"link\" data-id=\"https:\/\/hameau-amitie-bellenaves.fr\/index.php\/nos-services\/\">Activit\u00e9s<\/a><\/h4>\n\n\n\n<p>Un programme vari\u00e9 d&rsquo;activit\u00e9s quotidiennes.<\/p>\n<\/div>\n<\/div>\n\n\n\n<h2 class=\"wp-block-heading has-text-align-center\" style=\"padding-right:40px\">Notre \u00e9quipe<\/h2>\n\n\n\n<div class=\"wp-block-media-text is-stacked-on-mobile is-vertically-aligned-center\" style=\"grid-template-columns:42% auto\"><figure class=\"wp-block-media-text__media\"><img loading=\"lazy\" decoding=\"async\" width=\"501\" height=\"376\" src=\"https:\/\/www.tuge2180.odns.fr\/wp-content\/uploads\/2025\/07\/Hameau-de-lamitie-Exterieurs.jpg.webp\" alt=\"\" class=\"wp-image-150 size-full\" srcset=\"https:\/\/hameau-amitie-bellenaves.fr\/wp-content\/uploads\/2025\/07\/Hameau-de-lamitie-Exterieurs.jpg.webp 501w, https:\/\/hameau-amitie-bellenaves.fr\/wp-content\/uploads\/2025\/07\/Hameau-de-lamitie-Exterieurs.jpg-300x225.webp 300w\" sizes=\"auto, (max-width: 501px) 100vw, 501px\" \/><\/figure><div class=\"wp-block-media-text__content\">\n<div class=\"inherit-container-width wp-block-group is-layout-constrained wp-container-core-group-is-layout-47ce07ec wp-block-group-is-layout-constrained\" style=\"padding-right:80px\">\n<p>Au Hameau de l\u2019Amiti\u00e9, notre priorit\u00e9 est d\u2019offrir un accompagnement humain, attentif et s\u00e9curis\u00e9 \u00e0 chacun de nos r\u00e9sidents. Notre \u00e9quipe pluridisciplinaire travaille chaque jour dans un esprit de bienveillance et de respect, pour cr\u00e9er un cadre de vie chaleureux et familial. Voici les personnes qui font vivre ce lieu :<\/p>\n\n\n\n<ul class=\"wp-block-list\">\n<li><strong>Ang\u00e9lique L\u00e9onard<\/strong>, aide-soignante coordinatrice, assure la coordination et le bon fonctionnement global de la r\u00e9sidence. Elle veille au bon fonctionnement des services, \u00e0 la qualit\u00e9 des soins et \u00e0 l\u2019accompagnement quotidien des r\u00e9sidents. Elle assure \u00e9galement le lien avec les familles ainsi que les professionnels de sant\u00e9 partenaires.<\/li>\n<\/ul>\n\n\n\n<ul class=\"wp-block-list\">\n<li><strong>Ga\u00eblle Labbe<\/strong>, animatrice, imagine chaque semaine des activit\u00e9s vari\u00e9es et adapt\u00e9es aux envies comme aux capacit\u00e9s des r\u00e9sidents : ateliers cr\u00e9atifs, jeux, sorties, animations musicales, moments festifs, et bien plus encore.<\/li>\n<\/ul>\n\n\n\n<ul class=\"wp-block-list\">\n<li><strong>Amandine, Rapha\u00eblle et Ga\u00eblle<\/strong>, l\u2019\u00e9quipe des agents de service, sont essentielles \u00e0 la vie quotidienne de la r\u00e9sidence. Elles veillent \u00e0 l\u2019entretien des locaux et du linge. Toujours attentives, elles participent \u00e9galement au bon d\u00e9roulement des repas et \u00e0 la convivialit\u00e9 des temps partag\u00e9s.<\/li>\n<\/ul>\n\n\n\n<ul class=\"wp-block-list\">\n<li><strong>Zineb et Nadia<\/strong>, le personnel de cuisine, pr\u00e9parent chaque jour sur place des repas faits maison, \u00e9quilibr\u00e9s et savoureux, en tenant compte des go\u00fbts. Une attention particuli\u00e8re est port\u00e9e \u00e0 la qualit\u00e9 et \u00e0 la convivialit\u00e9 des repas.<\/li>\n<\/ul>\n\n\n\n<ul class=\"wp-block-list\">\n<li><strong>Amandine et Rapha\u00eblle<\/strong>, les agents sociaux, accompagnent les r\u00e9sidents dans les gestes de la vie courante (toilette, habillage, d\u00e9placements\u2026). Leur pr\u00e9sence rassurante, leur \u00e9coute et leur bienveillance sont pr\u00e9cieuses pour tous.<\/li>\n<\/ul>\n\n\n\n<ul class=\"wp-block-list\">\n<li><strong>Florence et Elisabeth<\/strong>, les gardiennes de nuit, garantes du calme et de la s\u00e9curit\u00e9 pendant la nuit, assurent une pr\u00e9sence constante. Disponibles et attentives, elles veillent \u00e0 la s\u00e9r\u00e9nit\u00e9 des r\u00e9sidents et interviennent \u00e0 tout moment en cas de besoin.<\/li>\n<\/ul>\n\n\n\n<ul class=\"wp-block-list\">\n<li>Enfin, <strong>nos partenaires de sant\u00e9 et de bien-\u00eatre<\/strong> \u2014 m\u00e9decins, infirmiers lib\u00e9raux, kin\u00e9sith\u00e9rapeutes, p\u00e9dicure-podologue, coiffeuse, ainsi que notre pharmacie partenaire \u2014 interviennent r\u00e9guli\u00e8rement dans la r\u00e9sidence et contribuent \u00e0 la qualit\u00e9 de l\u2019accompagnement des r\u00e9sidents.<\/li>\n<\/ul>\n\n\n\n<p><\/p>\n<\/div>\n<\/div><\/div>\n\n\n\n<h2 class=\"wp-block-heading has-text-align-center\">Galerie photos<\/h2>\n\n\n\n<figure class=\"wp-block-gallery has-nested-images columns-default is-cropped wp-block-gallery-5 is-layout-flex wp-block-gallery-is-layout-flex\">\n<figure class=\"wp-block-image size-medium\"><img loading=\"lazy\" decoding=\"async\" width=\"300\" height=\"169\" data-id=\"384\" src=\"https:\/\/hameau-amitie-bellenaves.fr\/wp-content\/uploads\/2026\/02\/20250526_112748-300x169.jpg\" alt=\"\" class=\"wp-image-384\" srcset=\"https:\/\/hameau-amitie-bellenaves.fr\/wp-content\/uploads\/2026\/02\/20250526_112748-300x169.jpg 300w, https:\/\/hameau-amitie-bellenaves.fr\/wp-content\/uploads\/2026\/02\/20250526_112748-768x432.jpg 768w, https:\/\/hameau-amitie-bellenaves.fr\/wp-content\/uploads\/2026\/02\/20250526_112748.jpg 1000w\" sizes=\"auto, (max-width: 300px) 100vw, 300px\" \/><\/figure>\n\n\n\n<figure class=\"wp-block-image size-full\"><img loading=\"lazy\" decoding=\"async\" width=\"1000\" height=\"563\" data-id=\"385\" src=\"https:\/\/hameau-amitie-bellenaves.fr\/wp-content\/uploads\/2026\/02\/20250612_123234.jpg\" alt=\"\" class=\"wp-image-385\" srcset=\"https:\/\/hameau-amitie-bellenaves.fr\/wp-content\/uploads\/2026\/02\/20250612_123234.jpg 1000w, https:\/\/hameau-amitie-bellenaves.fr\/wp-content\/uploads\/2026\/02\/20250612_123234-300x169.jpg 300w, https:\/\/hameau-amitie-bellenaves.fr\/wp-content\/uploads\/2026\/02\/20250612_123234-768x432.jpg 768w\" sizes=\"auto, (max-width: 1000px) 100vw, 1000px\" \/><\/figure>\n\n\n\n<figure class=\"wp-block-image size-large\"><img loading=\"lazy\" decoding=\"async\" width=\"1024\" height=\"771\" data-id=\"386\" src=\"https:\/\/hameau-amitie-bellenaves.fr\/wp-content\/uploads\/2026\/02\/1762168903934-1024x771.jpg\" alt=\"\" class=\"wp-image-386\" srcset=\"https:\/\/hameau-amitie-bellenaves.fr\/wp-content\/uploads\/2026\/02\/1762168903934-1024x771.jpg 1024w, https:\/\/hameau-amitie-bellenaves.fr\/wp-content\/uploads\/2026\/02\/1762168903934-300x226.jpg 300w, https:\/\/hameau-amitie-bellenaves.fr\/wp-content\/uploads\/2026\/02\/1762168903934-768x578.jpg 768w, https:\/\/hameau-amitie-bellenaves.fr\/wp-content\/uploads\/2026\/02\/1762168903934-1536x1157.jpg 1536w, https:\/\/hameau-amitie-bellenaves.fr\/wp-content\/uploads\/2026\/02\/1762168903934-2048x1542.jpg 2048w\" sizes=\"auto, (max-width: 1024px) 100vw, 1024px\" \/><\/figure>\n\n\n\n<figure class=\"wp-block-image size-full\"><img loading=\"lazy\" decoding=\"async\" width=\"800\" height=\"602\" data-id=\"387\" src=\"https:\/\/hameau-amitie-bellenaves.fr\/wp-content\/uploads\/2026\/02\/IMG-20250705-WA0003.jpg\" alt=\"\" class=\"wp-image-387\" srcset=\"https:\/\/hameau-amitie-bellenaves.fr\/wp-content\/uploads\/2026\/02\/IMG-20250705-WA0003.jpg 800w, https:\/\/hameau-amitie-bellenaves.fr\/wp-content\/uploads\/2026\/02\/IMG-20250705-WA0003-300x226.jpg 300w, https:\/\/hameau-amitie-bellenaves.fr\/wp-content\/uploads\/2026\/02\/IMG-20250705-WA0003-768x578.jpg 768w\" sizes=\"auto, (max-width: 800px) 100vw, 800px\" \/><\/figure>\n\n\n\n<figure class=\"wp-block-image size-full\"><img loading=\"lazy\" decoding=\"async\" width=\"1000\" height=\"563\" data-id=\"390\" src=\"https:\/\/hameau-amitie-bellenaves.fr\/wp-content\/uploads\/2026\/02\/20251125_152419-1.jpg\" alt=\"\" class=\"wp-image-390\" srcset=\"https:\/\/hameau-amitie-bellenaves.fr\/wp-content\/uploads\/2026\/02\/20251125_152419-1.jpg 1000w, https:\/\/hameau-amitie-bellenaves.fr\/wp-content\/uploads\/2026\/02\/20251125_152419-1-300x169.jpg 300w, https:\/\/hameau-amitie-bellenaves.fr\/wp-content\/uploads\/2026\/02\/20251125_152419-1-768x432.jpg 768w\" sizes=\"auto, (max-width: 1000px) 100vw, 1000px\" \/><\/figure>\n\n\n\n<figure class=\"wp-block-image size-full\"><img loading=\"lazy\" decoding=\"async\" width=\"1000\" height=\"563\" data-id=\"391\" src=\"https:\/\/hameau-amitie-bellenaves.fr\/wp-content\/uploads\/2026\/02\/20251218_122230.jpg\" alt=\"\" class=\"wp-image-391\" srcset=\"https:\/\/hameau-amitie-bellenaves.fr\/wp-content\/uploads\/2026\/02\/20251218_122230.jpg 1000w, https:\/\/hameau-amitie-bellenaves.fr\/wp-content\/uploads\/2026\/02\/20251218_122230-300x169.jpg 300w, https:\/\/hameau-amitie-bellenaves.fr\/wp-content\/uploads\/2026\/02\/20251218_122230-768x432.jpg 768w\" sizes=\"auto, (max-width: 1000px) 100vw, 1000px\" \/><\/figure>\n<\/figure>\n\n\n\n<h2 class=\"wp-block-heading has-text-align-center\">Bellenaves en vue a\u00e9rienne<\/h2>\n\n\n\n<figure class=\"wp-block-embed is-type-video is-provider-youtube wp-block-embed-youtube wp-embed-aspect-16-9 wp-has-aspect-ratio\"><div class=\"wp-block-embed__wrapper\">\n<iframe loading=\"lazy\" title=\"Bellenaves, entre nature et convivialit\u00e9 - Allier 03, Auvergne\" width=\"500\" height=\"281\" src=\"https:\/\/www.youtube.com\/embed\/s1co4xh-_Xk?feature=oembed\" frameborder=\"0\" allow=\"accelerometer; autoplay; clipboard-write; encrypted-media; gyroscope; picture-in-picture; web-share\" referrerpolicy=\"strict-origin-when-cross-origin\" allowfullscreen><\/iframe>\n<\/div><\/figure>\n","protected":false},"excerpt":{"rendered":"<p>Activit\u00e9s r\u00e9centes Une belle journ\u00e9e p\u00eache \u00e0 l\u2019\u00e9tang de Bellenaves Les r\u00e9sidents ont profit\u00e9 d\u2019une magnifique journ\u00e9e en plein air [&hellip;]<\/p>\n","protected":false},"author":1,"featured_media":0,"parent":0,"menu_order":0,"comment_status":"closed","ping_status":"closed","template":"","meta":{"_acf_changed":false,"site-sidebar-layout":"no-sidebar","site-content-layout":"plain-container","ast-site-content-layout":"default","site-content-style":"default","site-sidebar-style":"default","ast-global-header-display":"","ast-banner-title-visibility":"","ast-main-header-display":"","ast-hfb-above-header-display":"","ast-hfb-below-header-display":"","ast-hfb-mobile-header-display":"","site-post-title":"disabled","ast-breadcrumbs-content":"","ast-featured-img":"","footer-sml-layout":"","theme-transparent-header-meta":"default","adv-header-id-meta":"","stick-header-meta":"","header-above-stick-meta":"","header-main-stick-meta":"","header-below-stick-meta":"","astra-migrate-meta-layouts":"default","ast-page-background-enabled":"default","ast-page-background-meta":{"desktop":{"background-color":"var(--ast-global-color-5)","background-image":"","background-repeat":"repeat","background-position":"center center","background-size":"auto","background-attachment":"scroll","background-type":"","background-media":"","overlay-type":"","overlay-color":"","overlay-opacity":"","overlay-gradient":""},"tablet":{"background-color":"","background-image":"","background-repeat":"repeat","background-position":"center center","background-size":"auto","background-attachment":"scroll","background-type":"","background-media":"","overlay-type":"","overlay-color":"","overlay-opacity":"","overlay-gradient":""},"mobile":{"background-color":"","background-image":"","background-repeat":"repeat","background-position":"center center","background-size":"auto","background-attachment":"scroll","background-type":"","background-media":"","overlay-type":"","overlay-color":"","overlay-opacity":"","overlay-gradient":""}},"ast-content-background-meta":{"desktop":{"background-color":"var(--ast-global-color-4)","background-image":"","background-repeat":"repeat","background-position":"center center","background-size":"auto","background-attachment":"scroll","background-type":"","background-media":"","overlay-type":"","overlay-color":"","overlay-opacity":"","overlay-gradient":""},"tablet":{"background-color":"var(--ast-global-color-4)","background-image":"","background-repeat":"repeat","background-position":"center center","background-size":"auto","background-attachment":"scroll","background-type":"","background-media":"","overlay-type":"","overlay-color":"","overlay-opacity":"","overlay-gradient":""},"mobile":{"background-color":"var(--ast-global-color-4)","background-image":"","background-repeat":"repeat","background-position":"center center","background-size":"auto","background-attachment":"scroll","background-type":"","background-media":"","overlay-type":"","overlay-color":"","overlay-opacity":"","overlay-gradient":""}},"footnotes":""},"class_list":["post-11","page","type-page","status-publish","hentry"],"acf":[],"_links":{"self":[{"href":"https:\/\/hameau-amitie-bellenaves.fr\/index.php\/wp-json\/wp\/v2\/pages\/11","targetHints":{"allow":["GET"]}}],"collection":[{"href":"https:\/\/hameau-amitie-bellenaves.fr\/index.php\/wp-json\/wp\/v2\/pages"}],"about":[{"href":"https:\/\/hameau-amitie-bellenaves.fr\/index.php\/wp-json\/wp\/v2\/types\/page"}],"author":[{"embeddable":true,"href":"https:\/\/hameau-amitie-bellenaves.fr\/index.php\/wp-json\/wp\/v2\/users\/1"}],"replies":[{"embeddable":true,"href":"https:\/\/hameau-amitie-bellenaves.fr\/index.php\/wp-json\/wp\/v2\/comments?post=11"}],"version-history":[{"count":67,"href":"https:\/\/hameau-amitie-bellenaves.fr\/index.php\/wp-json\/wp\/v2\/pages\/11\/revisions"}],"predecessor-version":[{"id":396,"href":"https:\/\/hameau-amitie-bellenaves.fr\/index.php\/wp-json\/wp\/v2\/pages\/11\/revisions\/396"}],"wp:attachment":[{"href":"https:\/\/hameau-amitie-bellenaves.fr\/index.php\/wp-json\/wp\/v2\/media?parent=11"}],"curies":[{"name":"wp","href":"https:\/\/api.w.org\/{rel}","templated":true}]}}